{"id":40466,"date":"2023-08-26T22:23:38","date_gmt":"2023-08-26T22:23:38","guid":{"rendered":"https:\/\/radionuble.cl\/v1\/?page_id=40466"},"modified":"2023-08-26T22:24:09","modified_gmt":"2023-08-26T22:24:09","slug":"historia-de-radio-nuble","status":"publish","type":"page","link":"https:\/\/radionuble.cl\/v1\/historia-de-radio-nuble\/","title":{"rendered":"Historia de Radio \u00d1uble"},"content":{"rendered":"<p>La historia de <strong>Radio \u00d1uble<\/strong> se enmarca en un legado de m\u00e1s de 87 a\u00f1os dedicados al servicio de las comunicaciones en la Regi\u00f3n de \u00d1uble. <\/p>\n<p>No es solo una estaci\u00f3n de radio; es <strong>\u00abLa Sinton\u00eda Grande\u00bb<\/strong>, un medio con un nombre que representa a toda una regi\u00f3n.<\/p>\n<p>Fundada el 6 de Julio de 1936, seg\u00fan el decreto 3127, su primera frecuencia fue CC-127 bajo la administraci\u00f3n de su primer propietario, Don Rafael Barrios C\u00e1rcamo, ya fallecido. <\/p>\n<p>Sin embargo, fue en 1957 cuando Radio \u00d1uble vivi\u00f3 un cambio significativo. Pas\u00f3 a ser propiedad de la Sra. Marta Collao Lermanda, y la gerencia recay\u00f3 en su esposo, Don Hern\u00e1n Vaccaro Zu\u00f1iga, un radiodifusor de coraz\u00f3n que lleg\u00f3 desde la ciudad de Talca y dejando atr\u00e1s su querida Radio Lircay.<\/p>\n<p>Don Hern\u00e1n encontr\u00f3 en Chill\u00e1n un equipo humano comprometido con la visi\u00f3n de \u00abLa Sinton\u00eda Grande\u00bb. Parte de ese equipo, hijos de los fundadores, a\u00fan contribuyen al legado de la estaci\u00f3n. <\/p>\n<p>El director gerente se mantuvo en su puesto hasta su fallecimiento el 27 de diciembre de 1992, dejando un hueco imposible de llenar, pero un legado vivo y latente hasta hoy.<\/p>\n<p>En a\u00f1os sucesivos, la propiedad pas\u00f3 a la Sociedad Vaccaro Collao Hnos. y C\u00eda. Ltda., conformada por la Sra. Marta Collao Lermanda y sus cinco hijos. Fue en el a\u00f1o 2000 cuando la radio incursion\u00f3 en el mundo de la Frecuencia Modulada, sumando el dial 89.7 a la hist\u00f3rica CC-90.<\/p>\n<p>Actualmente, la direcci\u00f3n y gerencia de Radio \u00d1uble est\u00e1n en las manos de la <strong>Sra. Mar\u00eda Eugenia Vaccaro Collao<\/strong>, hija de Don Hern\u00e1n. <\/p>\n<p>Ella ha sabido seguir la senda trazada por su padre, apoyada por un equipo que ha sido el pilar de Radio \u00d1uble a lo largo de los a\u00f1os.<\/p>\n<p>Desde 2013, la estaci\u00f3n ha estado bajo la propiedad de la Sociedad de Inversiones Vaccaro Collao e Hijos Ltda., manteniendo el legado y la tradici\u00f3n, pero tambi\u00e9n mirando hacia el futuro y la innovaci\u00f3n.<\/p>\n<p><strong>Radio \u00d1uble no es solo una estaci\u00f3n de radio; es la voz y el alma de la Regi\u00f3n de \u00d1uble.<\/strong> Es un medio de comunicaci\u00f3n que ha trascendido generaciones, y que se mantiene m\u00e1s vigente que nunca, adapt\u00e1ndose a los nuevos tiempos sin perder su esencia.<\/p>\n<p>As\u00ed, Radio \u00d1uble contin\u00faa siendo un faro de informaci\u00f3n, cultura y entretenimiento para toda una comunidad que conf\u00eda en su \u00abSinton\u00eda Grande\u00bb.<\/p>\n","protected":false},"excerpt":{"rendered":"<p>La historia de Radio \u00d1uble se enmarca en un legado de m\u00e1s de 87 a\u00f1os dedicados al servicio de las comunicaciones en la Regi\u00f3n de \u00d1uble. No es solo una estaci\u00f3n de radio; es \u00abLa Sinton\u00eda Grande\u00bb, un medio con un nombre que representa a toda una regi\u00f3n. Fundada el 6 de Julio de 1936, &hellip;<\/p>\n","protected":false},"author":1,"featured_media":40468,"parent":0,"menu_order":0,"comment_status":"closed","ping_status":"closed","template":"","meta":{"footnotes":""},"class_list":["post-40466","page","type-page","status-publish","has-post-thumbnail","hentry"],"_links":{"self":[{"href":"https:\/\/radionuble.cl\/v1\/wp-json\/wp\/v2\/pages\/40466","targetHints":{"allow":["GET"]}}],"collection":[{"href":"https:\/\/radionuble.cl\/v1\/wp-json\/wp\/v2\/pages"}],"about":[{"href":"https:\/\/radionuble.cl\/v1\/wp-json\/wp\/v2\/types\/page"}],"author":[{"embeddable":true,"href":"https:\/\/radionuble.cl\/v1\/wp-json\/wp\/v2\/users\/1"}],"replies":[{"embeddable":true,"href":"https:\/\/radionuble.cl\/v1\/wp-json\/wp\/v2\/comments?post=40466"}],"version-history":[{"count":1,"href":"https:\/\/radionuble.cl\/v1\/wp-json\/wp\/v2\/pages\/40466\/revisions"}],"predecessor-version":[{"id":40469,"href":"https:\/\/radionuble.cl\/v1\/wp-json\/wp\/v2\/pages\/40466\/revisions\/40469"}],"wp:featuredmedia":[{"embeddable":true,"href":"https:\/\/radionuble.cl\/v1\/wp-json\/wp\/v2\/media\/40468"}],"wp:attachment":[{"href":"https:\/\/radionuble.cl\/v1\/wp-json\/wp\/v2\/media?parent=40466"}],"curies":[{"name":"wp","href":"https:\/\/api.w.org\/{rel}","templated":true}]}}